{"id":2,"date":"2026-07-13T11:52:23","date_gmt":"2026-07-13T11:52:23","guid":{"rendered":"http:\/\/www.festival-crochet-tricot-laine.fr\/?page_id=2"},"modified":"2026-07-14T21:15:19","modified_gmt":"2026-07-14T21:15:19","slug":"sample-page","status":"publish","type":"page","link":"https:\/\/www.festival-crochet-tricot-laine.fr\/index.php\/sample-page\/","title":{"rendered":"Qui sommes-nous ?"},"content":{"rendered":"\n<p class=\"wp-block-paragraph\"><\/p>\n\n\n\n<p class=\"wp-block-paragraph\">La <strong>Centrale Fran\u00e7aise de la Broderie<\/strong> est une entreprise fran\u00e7aise passionn\u00e9e par les arts du fil. Depuis de nombreuses ann\u00e9es, nous mettons notre expertise au service des amateurs comme des professionnels en proposant dans notre mercerie une large s\u00e9lection de produits d\u00e9di\u00e9s \u00e0 la broderie, au crochet, au tricot, \u00e0 la couture et aux travaux d&#8217;aiguille.<\/p>\n\n\n\n<p class=\"wp-block-paragraph\">Anim\u00e9s par la volont\u00e9 de pr\u00e9server et de transmettre ces savoir-faire, nous avons cr\u00e9\u00e9 le <strong>1er Festival du crochet, du tricot et de la laine des Hauts-de-France<\/strong>, un \u00e9v\u00e9nement convivial qui rassemble cr\u00e9ateurs, artisans, grandes marques, associations et passionn\u00e9s venus partager leur amour du fil, de la laine et du fait main.<\/p>\n\n\n\n<p class=\"wp-block-paragraph\">Notre ambition est de faire d\u00e9couvrir la richesse des m\u00e9tiers de la laine, de valoriser les talents qui font vivre cette fili\u00e8re et d&#8217;offrir \u00e0 chacun, d\u00e9butant comme confirm\u00e9, un lieu de rencontres, d&#8217;\u00e9changes et d&#8217;inspiration.<\/p>\n\n\n\n<p class=\"wp-block-paragraph\">Parce que derri\u00e8re chaque ouvrage se cache une histoire, nous avons \u00e0 c\u0153ur de cr\u00e9er un festival o\u00f9 les mailles rapprochent les g\u00e9n\u00e9rations, les savoir-faire et les passions.<\/p>\n\n\n\n<figure class=\"wp-block-image aligncenter size-full\"><img loading=\"lazy\" decoding=\"async\" width=\"400\" height=\"190\" src=\"https:\/\/www.festival-crochet-tricot-laine.fr\/wp-content\/uploads\/2026\/07\/image-2.png\" alt=\"\" class=\"wp-image-54\" srcset=\"https:\/\/www.festival-crochet-tricot-laine.fr\/wp-content\/uploads\/2026\/07\/image-2.png 400w, https:\/\/www.festival-crochet-tricot-laine.fr\/wp-content\/uploads\/2026\/07\/image-2-300x143.png 300w\" sizes=\"auto, (max-width: 400px) 100vw, 400px\" \/><\/figure>\n","protected":false},"excerpt":{"rendered":"<p>La Centrale Fran\u00e7aise de la Broderie est une entreprise fran\u00e7aise passionn\u00e9e par les arts du fil. Depuis de nombreuses ann\u00e9es, nous mettons notre expertise au service des amateurs comme des professionnels en proposant dans notre mercerie une large s\u00e9lection de produits d\u00e9di\u00e9s \u00e0 la broderie, au crochet, au tricot, \u00e0 la couture et aux travaux [&hellip;]<\/p>\n","protected":false},"author":1,"featured_media":0,"parent":0,"menu_order":0,"comment_status":"closed","ping_status":"open","template":"","meta":{"footnotes":""},"class_list":["post-2","page","type-page","status-publish","hentry"],"_links":{"self":[{"href":"https:\/\/www.festival-crochet-tricot-laine.fr\/index.php\/wp-json\/wp\/v2\/pages\/2","targetHints":{"allow":["GET"]}}],"collection":[{"href":"https:\/\/www.festival-crochet-tricot-laine.fr\/index.php\/wp-json\/wp\/v2\/pages"}],"about":[{"href":"https:\/\/www.festival-crochet-tricot-laine.fr\/index.php\/wp-json\/wp\/v2\/types\/page"}],"author":[{"embeddable":true,"href":"https:\/\/www.festival-crochet-tricot-laine.fr\/index.php\/wp-json\/wp\/v2\/users\/1"}],"replies":[{"embeddable":true,"href":"https:\/\/www.festival-crochet-tricot-laine.fr\/index.php\/wp-json\/wp\/v2\/comments?post=2"}],"version-history":[{"count":2,"href":"https:\/\/www.festival-crochet-tricot-laine.fr\/index.php\/wp-json\/wp\/v2\/pages\/2\/revisions"}],"predecessor-version":[{"id":56,"href":"https:\/\/www.festival-crochet-tricot-laine.fr\/index.php\/wp-json\/wp\/v2\/pages\/2\/revisions\/56"}],"wp:attachment":[{"href":"https:\/\/www.festival-crochet-tricot-laine.fr\/index.php\/wp-json\/wp\/v2\/media?parent=2"}],"curies":[{"name":"wp","href":"https:\/\/api.w.org\/{rel}","templated":true}]}}